{"id":364,"date":"2022-02-27T14:39:28","date_gmt":"2022-02-27T18:39:28","guid":{"rendered":"http:\/\/desdeeltejado.com\/?page_id=364"},"modified":"2022-02-27T14:39:28","modified_gmt":"2022-02-27T18:39:28","slug":"un-libro-para-recuperar-la-autoestima","status":"publish","type":"page","link":"https:\/\/desdeeltejado.com\/index.php\/un-libro-para-recuperar-la-autoestima\/","title":{"rendered":"Un libro para recuperar la autoestima"},"content":{"rendered":"\n<p><strong>Gisela Derpic Salazar<\/strong><\/p>\n\n\n\n<p>Hay procesos y eventos que marcan inicios y finales,\ndespiertan amores y odios; heroicos para unos, ruines para otros, como la\nguerrilla de \u00d1ancahuaz\u00fa y la muerte de su principal protagonista, Ernesto Che\nGuevara. \u201cFue un hombre que muri\u00f3 por sus ideales\u201d. \u201cQuien a hierro mata, a\nhierro muere\u201d.\u2008Este es el p\u00e9ndulo oscilante. V\u00edctima o verdugo, libertador o\ninvasor, su muerte consum\u00f3 el fracaso del foquismo como estrategia para la\nrevoluci\u00f3n, dej\u00f3 al compa\u00f1ero de Fidel \u201cfuera de juego\u201d y alumbr\u00f3 el mito del \u201ccomandante\u201d.\nDram\u00e1tico final y doloroso comienzo. A Guevara le siguieron en el camino hacia\nla muerte decenas de j\u00f3venes latinoamericanos, como los estudiantes que\nquedaron en Teoponte, cuya ausencia prematura ratifica que necesitamos\nconstructores de humanidad y no cad\u00e1veres.<\/p>\n\n\n\n<p>Juan Carlos Salazar, Jos\u00e9 Luis\nAlc\u00e1zar y Humberto Vacaflor, con mirada l\u00facida caracterizan con precisi\u00f3n el\ncontexto de la guerrilla que contaron, identificando como rasgo principal del\nmundo la Guerra Fr\u00eda, una que no por fr\u00eda dej\u00f3 de calentarse cuando el\nequilibrio construido sobre los millones de muertos de la Segunda Guerra\nparec\u00eda romperse haciendo peligrar el nuevo orden instaurado; del pa\u00eds, el\nmodelo de Estado capitalista de intervenci\u00f3n inaugurado en abril de 1952, con\nla reforma agraria incluida, que hizo del campesinado pobre y desinformado,\npropietario de la tierra, un factor del aislamiento social de la guerrilla;\ncampesinado que adem\u00e1s firm\u00f3 el pacto militar-campesino con un ej\u00e9rcito que,\npor m\u00e9rito propio y con ayuda externa, abati\u00f3 a un Che que demostr\u00f3 ser poco\nfiel a su declarado marxismo, porque no hizo de la realidad sino de la teor\u00eda\nsu punto de partida.<\/p>\n\n\n\n<p>Un mapa de la zona base de las\noperaciones guerrilleras, una colecci\u00f3n de fotograf\u00edas de enorme valor\nhist\u00f3rico y una cronolog\u00eda que arranca en los primeros antecedentes de la\nincursi\u00f3n guevarista en territorio boliviano, ya en 1963, extendida hasta\nfinales del siglo XX, cuando se hallan en Vallegrande y entierran en Santa\nClara (Cuba), los restos del argentino-cubano, revela la atenci\u00f3n de los\nautores a los \u2014ojal\u00e1\u2014 j\u00f3venes lectores; generaciones del tercer milenio\nbombardeadas por millones de datos de la internet, mientras se mantienen en una\nasombrosa desinformaci\u00f3n sobre el mundo en el que viven.<\/p>\n\n\n\n<p>La primera parte, escrita por\nJuan Carlos Salazar, revela la pasi\u00f3n de un periodista convencido de su opci\u00f3n\nprofesional. Comienza dando cuenta con maestr\u00eda de las circunstancias concretas\ndel quehacer period\u00edstico boliviano de aquellos a\u00f1os y pone \u00e9nfasis en el\nenorme inter\u00e9s que despert\u00f3 la guerrilla guevarista en el extranjero,\npatentizado en la presencia de profesionales de renombre internacional en la\nzona de las acciones b\u00e9licas, detallando sus trayectorias, las an\u00e9cdotas que\nles involucraron y las repercusiones externas de sus actuaciones en Bolivia.\nSalazar es a la vez un gran periodista y cultivador de amistad.<\/p>\n\n\n\n<p>La segunda, de autor\u00eda de Jos\u00e9\nLuis Alc\u00e1zar, es una cr\u00f3nica profunda surgida de la experiencia de quien m\u00e1s se\nintern\u00f3 en el proceso sobre el que informaba, tomando contacto con\nprotagonistas de los bandos en conflicto. Devela la naturaleza inicial de la incursi\u00f3n\nguevarista en Bolivia, orientada a la instalaci\u00f3n de una escuela de guerrillas\npara desde ella \u2014obsesi\u00f3n del Che\u2014 \u201cliberar\u201d a la Argentina, su pa\u00eds natal.\nDesemboca, con objetivo y honesto profesionalismo, en una severa interpelaci\u00f3n\na la capacidad pol\u00edtica y militar del m\u00edtico guerrillero.<\/p>\n\n\n\n<p>La tercera y \u00faltima, de\nHumberto Vacaflor, anuncia sin ambages la descarnada perspectiva cr\u00edtica que\ncaracteriza a un relato que teje acontecimientos que no son propiamente parte\nde la guerrilla. Anclado de entrada en la realidad boliviana actual, el texto\ndiscurre estableciendo unas controversiales relaciones causales entre el pasado\ny el presente, entre el guevarismo de antes y el de hoy, desnudando en tal\ncometido a muchos \u201cemperadores\u201d. Sin duda, es la parte m\u00e1s controversial del\nlibro, salpicada de las iron\u00edas y met\u00e1foras propias de su autor.<\/p>\n\n\n\n<p><em>La guerrilla que contamos. Historia \u00edntima de una cobertura emblem\u00e1tica<\/em>\nes un libro actual y provocador, un texto impecable que deleita con la belleza\nde la palabra en la forma, una contribuci\u00f3n que nos alienta a recuperar sentido\nde autoestima como bolivianos, arrinconados por ahora en la entelequia de un\nEstado plurinacional que no sabemos en qu\u00e9 nos redime, aunque s\u00ed lo mucho que\nnos condena.<\/p>\n\n\n\n<p>Tres periodistas apenas veintea\u00f1eros,\ncon los escasos medios tecnol\u00f3gicos de la \u00e9poca y un enorme compromiso con su\ntrabajo. Tres seres humanos marcados por esa cobertura emblem\u00e1tica que deriv\u00f3\nen persecuciones y exilios. Tres profesionales destacados del periodismo\nboliviano dentro y fuera de Bolivia, que no piensan igual y son, a pesar de\nello, amigos entra\u00f1ables, testimonio permanente de valores humanos y de la\ncultura democr\u00e1tica que estamos convocados a cultivar. Por todo ello, este es\nun libro que bien vale la pena tener.<\/p>\n\n\n\n<p><strong>La Raz\u00f3n &#8211; 20 de agosto de 2017<\/strong><\/p>\n","protected":false},"excerpt":{"rendered":"<p>Gisela Derpic Salazar Hay procesos y eventos que marcan inicios y finales, despiertan amores y odios; heroicos para unos, ruines para otros, como la guerrilla de \u00d1ancahuaz\u00fa y la muerte de su principal protagonista, Ernesto Che Guevara. \u201cFue un hombre que muri\u00f3 por sus ideales\u201d. \u201cQuien a hierro mata, a hierro muere\u201d.\u2008Este es el p\u00e9ndulo &hellip; <a href=\"https:\/\/desdeeltejado.com\/index.php\/un-libro-para-recuperar-la-autoestima\/\" class=\"more-link\">Continuar leyendo <span class=\"screen-reader-text\">Un libro para recuperar la autoestima<\/span><\/a><\/p>\n","protected":false},"author":3,"featured_media":0,"parent":0,"menu_order":0,"comment_status":"closed","ping_status":"closed","template":"","meta":{"footnotes":""},"class_list":["post-364","page","type-page","status-publish","hentry"],"jetpack_sharing_enabled":true,"_links":{"self":[{"href":"https:\/\/desdeeltejado.com\/index.php\/wp-json\/wp\/v2\/pages\/364","targetHints":{"allow":["GET"]}}],"collection":[{"href":"https:\/\/desdeeltejado.com\/index.php\/wp-json\/wp\/v2\/pages"}],"about":[{"href":"https:\/\/desdeeltejado.com\/index.php\/wp-json\/wp\/v2\/types\/page"}],"author":[{"embeddable":true,"href":"https:\/\/desdeeltejado.com\/index.php\/wp-json\/wp\/v2\/users\/3"}],"replies":[{"embeddable":true,"href":"https:\/\/desdeeltejado.com\/index.php\/wp-json\/wp\/v2\/comments?post=364"}],"version-history":[{"count":2,"href":"https:\/\/desdeeltejado.com\/index.php\/wp-json\/wp\/v2\/pages\/364\/revisions"}],"predecessor-version":[{"id":366,"href":"https:\/\/desdeeltejado.com\/index.php\/wp-json\/wp\/v2\/pages\/364\/revisions\/366"}],"wp:attachment":[{"href":"https:\/\/desdeeltejado.com\/index.php\/wp-json\/wp\/v2\/media?parent=364"}],"curies":[{"name":"wp","href":"https:\/\/api.w.org\/{rel}","templated":true}]}}