{"id":27,"date":"2019-09-25T20:35:41","date_gmt":"2019-09-25T20:35:41","guid":{"rendered":"https:\/\/desdeeltejado1.wordpress.com\/?page_id=27"},"modified":"2026-03-19T09:57:52","modified_gmt":"2026-03-19T13:57:52","slug":"sobre-mi","status":"publish","type":"page","link":"https:\/\/desdeeltejado.com\/index.php\/sobre-mi\/","title":{"rendered":"Sobre m\u00ed"},"content":{"rendered":"<div class=\"wp-block-image\">\n<figure class=\"alignleft is-resized\"><img loading=\"lazy\" decoding=\"async\" width=\"423\" height=\"537\" src=\"http:\/\/desdeeltejado.com\/wp-content\/uploads\/2019\/10\/IMG-20191009-WA0015.jpg\" alt=\"\" class=\"wp-image-162\" style=\"width:271px;height:344px\" srcset=\"https:\/\/desdeeltejado.com\/wp-content\/uploads\/2019\/10\/IMG-20191009-WA0015.jpg 423w, https:\/\/desdeeltejado.com\/wp-content\/uploads\/2019\/10\/IMG-20191009-WA0015-236x300.jpg 236w, https:\/\/desdeeltejado.com\/wp-content\/uploads\/2019\/10\/IMG-20191009-WA0015-85x108.jpg 85w\" sizes=\"auto, (max-width: 423px) 100vw, 423px\" \/><\/figure>\n<\/div>\n\n\n<p>Soy periodista, escritor, docente universitario, miembro de N\u00famero de la Academia Boliviana de la Lengua (ABL) y Acad\u00e9mico Correspondiente de la Real Academia Espa\u00f1ola (RAE) en Bolivia.<\/p>\n\n\n\n<p>Nac\u00ed en Tupiza el 24 de diciembre de 1945, pero radiqu\u00e9 la mayor parte de mi vida en La Paz, Buenos Aires, Ciudad de M\u00e9xico y Madrid.<\/p>\n\n\n\n<p>Egres\u00e9 en la primera promoci\u00f3n del Instituto Superior de Ciencias y T\u00e9cnicas de la Opini\u00f3n P\u00fablica de la Universidad Cat\u00f3lica Boliviana (UCB), en 1970, con el t\u00edtulo de T\u00e9cnico en Medios de Comunicaci\u00f3n Social. En 1976 obtuve el t\u00edtulo de Periodista en Provisi\u00f3n Nacional, otorgado por el Consejo Nacional de Educaci\u00f3n Superior de la Universidad Boliviana (CEUB). El Instituto fue la primera escuela de periodismo de Bolivia, antecedente de la actual carrera de Comunicaci\u00f3n Social.<\/p>\n\n\n\n<p>Soy cofundador de la Agencia de Noticias Fides (ANF), donde me inici\u00e9 bajo la direcci\u00f3n del padre Jos\u00e9 Gramunt (1964\/1970), mi primer maestro del oficio. Es decir, comenc\u00e9 en el periodismo cinco a\u00f1os antes de que abriera el instituto de la UCB. Hice un a\u00f1o de Geolog\u00eda y tres de Derecho y Ciencias Pol\u00edticas antes de encontrar mi verdadera vocaci\u00f3n. En ese mismo lapso form\u00e9 parte del equipo fundacional del diario <em>Hoy<\/em> de La Paz y de la primera redacci\u00f3n de noticias de la Televisi\u00f3n Boliviana (1970).<\/p>\n\n\n\n<p>En 1971 sal\u00ed al exilio, primero a Buenos Aires y despu\u00e9s a M\u00e9xico, v\u00edctima de la represi\u00f3n de las dictaduras  militares de la \u00e9poca, en el inicio de una larga ausencia que marc\u00f3 mi vida personal y profesional.<\/p>\n\n\n\n<p>Realic\u00e9 casi toda mi carrera fuera de Bolivia, como corresponsal de la Agencia Alemana de Prensa (DPA) en Argentina, M\u00e9xico, Centroam\u00e9rica y Cuba, entre 1967 y 1998, y editor internacional del diario <em>Exc\u00e9lsior<\/em> de M\u00e9xico (1976\/77). Dirig\u00ed el Servicio Internacional en Espa\u00f1ol de la agencia DPA durante doce a\u00f1os, entre 1999 y 2010, con sede en Madrid, Espa\u00f1a.<\/p>\n\n\n\n<p>A mi retorno a Bolivia, despu\u00e9s de 40 a\u00f1os, trabaj\u00e9 como Asesor Ejecutivo de la Agencia de Noticias Fides (ANF) y editor del quincenario <em>Nueva Cr\u00f3nica<\/em>, entre 2011 y 2013. Dirig\u00ed el diario nacional <em>P\u00e1gina Siete<\/em> entre agosto de 2013 y diciembre de 2016, a\u00f1o en que me retir\u00e9 del periodismo activo.<\/p>\n\n\n\n<p>Como corresponsal de la agencia DPA, me toc\u00f3 informar sobre todo tipo de acontecimientos pol\u00edticos, econ\u00f3micos, sociales, deportivos y culturales en Am\u00e9rica Latina y Europa, desde cumbres presidenciales hasta Mundiales de F\u00fatbol y Juegos Ol\u00edmpicos, pasando por giras papales, festivales art\u00edsticos y conferencias internacionales de todo tipo.  <\/p>\n\n\n\n<p>Cubr\u00ed  la guerrilla del Che Guevara en Bolivia (1967), los procesos de militarizaci\u00f3n en el Cono Sur de Am\u00e9rica Latina y la \u201cguerra sucia\u201d argentina (1970\/76), la guerra civil centroamericana (1980\/92), el \u201cper\u00edodo especial\u201d decretado en Cuba tras el colapso de la Uni\u00f3n Sovi\u00e9tica y el bloque socialista (1991\/92), el levantamiento ind\u00edgena zapatista de Chiapas (1994) y los primeros atentados yihadistas en Europa, entre otros acontecimientos, experiencias que est\u00e1n presentes en mi producci\u00f3n bibliogr\u00e1fica. <\/p>\n\n\n\n<p>Soy autor de <em>Semejanzas<\/em> (Plural, 2018) y <em>Genio y figura<\/em> (Plural, 2024), libros de semblanzas de personajes que conoc\u00ed a lo largo de mi carrera profesional y figuras de la cultura boliviana y universal, y <em>A la guerra en taxi<\/em> (Plural 2023), una serie de cr\u00f3nicas de los conflictos armados que me toc\u00f3 cubrir en Am\u00e9rica Latina; y coautor de los libros de cr\u00f3nicas <em>La guerrilla que contamos<\/em> (Plural, 2017), que escrib\u00ed con Jos\u00e9 Luis Alc\u00e1zar y Humberto Vacaflor sobre la aventura del Che Guevara en Bolivia, Che: <em>Una cabalgata sin fin<\/em> (P\u00e1gina Siete, 2017) y <em>Prontuario<\/em> (Editorial 3600, 2018), en coautor\u00eda con mis colegas de P\u00e1gina Siete.<\/p>\n\n\n\n<p>He coordinado y soy coautor de varios libros de historia del periodismo, como <em>De buena fuente \u2013 Medio siglo de historia, medio siglo de noticias<\/em> (Fern\u00e1ndez Ciudad, Madrid, 2010); <em>Presencia \u2013 Una escuela de \u00e9tica y buen periodismo<\/em> (Plural, 2019), <em>El periodismo en tiempos de dictadura<\/em> (Plural, 2021), en coautor\u00eda con Harold Olmos y Fernando Salazar, y <em>Contra viento y marea<\/em> (Plural, 2024), la historia del diario <em>P\u00e1gina Siete<\/em>, en coautor\u00eda con Ra\u00fal Pe\u00f1aranda, Isabel Mercado y Mery Vaca.<\/p>\n\n\n\n<p>Despu\u00e9s de haber dedicado mi vida profesional a describir el mundo real desde el periodismo, el 2021 decid\u00ed hacerlo desde la literatura con el libro de cuentos <em>Figuraciones<\/em> (Plural), seguro de que la ficci\u00f3n cobra vida y recupera certezas cuando la imaginaci\u00f3n desvela lo que la realidad oculta. En marzo de 2026 publiqu\u00e9 un segundo libro de cuentos, <em>Presagios<\/em> (Plural).<\/p>\n\n\n\n<p>Mis trabajos han sido recogidos en varias antolog\u00edas, como <em>La revoluci\u00f3n de las pititas<\/em> (P\u00e1gina Siete, 2019), <em>Caspa de \u00e1ngel<\/em> (Quipus, 2020) y la <em>Antolog\u00eda de biograf\u00edas<\/em> (BBB, 2025), entre otras.  <\/p>\n\n\n\n<p>Desde el 2012 doy clases de Introducci\u00f3n al Periodismo y redacci\u00f3n de Noticias en Comunicaci\u00f3n Social de la UCB, carrera que dirig\u00ed entre diciembre del 2020 y marzo de 2025. Recog\u00ed mi experiencia docente en un <em>Manual de Periodismo<\/em>, publicado por la universidad en septiembre de 2025.<\/p>\n\n\n\n<p>El 19 de septiembre de 2024 ingres\u00e9 a la Academia Boliviana de la Lengua a propuesta de la poeta y narradora Mar\u00eda Cristina Botelho Mauri y la fil\u00f3loga Tatiana Alvarado Ordorika, con un discurso titulado \u00abPeriodismo y literatura, orillas de un mismo r\u00edo\u00bb. La respuesta estuvo a cargo del periodista, escritor y acad\u00e9mico Mariano Baptista Gumucio. Ocupo la silla \u00d1 de la instituci\u00f3n.<\/p>\n\n\n\n<p>En 2010 fui elegido en Madrid entre las 100 Personalidades Latinas de Espa\u00f1a (\u201c100 Latinos\u201d). En 2016, la Asociaci\u00f3n de Periodistas me otorg\u00f3 el Premio Nacional de Periodismo. En agosto de 2025, en ocasi\u00f3n de la solemne XII Lecci\u00f3n Inaugural de Humanismo 2-2025, a mi cargo, el Rector de la Universidad Cat\u00f3lica Boliviana (UCB), R.P. Jos\u00e9 Fuentes Cano, me honr\u00f3 con un reconocimiento a mi labor period\u00edstica y docente. <\/p>\n\n\n\n<p>La vida me premi\u00f3 con una mujer maravillosa, Etel, mi esposa desde 1972, y dos hijos excepcionales, Rodrigo y Juan Carlos, ambos dedicados a la academia. Rodrigo es doctor en Ciencias Pol\u00edticas y docente de la Facultad Latinoamericana de Ciencias Sociales (FLACSO), en M\u00e9xico, y Juan Carlos es doctor en Econom\u00eda y docente en la Universidad Aut\u00f3noma de Madrid (UAM). Y, por si fuera poco, Juan Carlos y su esposa, Cecilia, nos obsequiaron un hermoso nieto, Santiago, que es la joya de la familia.<\/p>\n\n\n\n<div class=\"wp-block-image\"><figure class=\"aligncenter size-large\"><img loading=\"lazy\" decoding=\"async\" width=\"1691\" height=\"2312\" src=\"http:\/\/desdeeltejado.com\/wp-content\/uploads\/2019\/09\/img359-1.jpg?w=749\" alt=\"\" class=\"wp-image-76\" srcset=\"https:\/\/desdeeltejado.com\/wp-content\/uploads\/2019\/09\/img359-1.jpg 1691w, https:\/\/desdeeltejado.com\/wp-content\/uploads\/2019\/09\/img359-1-219x300.jpg 219w, https:\/\/desdeeltejado.com\/wp-content\/uploads\/2019\/09\/img359-1-768x1050.jpg 768w, https:\/\/desdeeltejado.com\/wp-content\/uploads\/2019\/09\/img359-1-749x1024.jpg 749w, https:\/\/desdeeltejado.com\/wp-content\/uploads\/2019\/09\/img359-1-1568x2144.jpg 1568w\" sizes=\"auto, (max-width: 1691px) 100vw, 1691px\" \/><\/figure><\/div>\n\n\n\n<p><\/p>\n","protected":false},"excerpt":{"rendered":"<p>Soy periodista, escritor, docente universitario, miembro de N\u00famero de la Academia Boliviana de la Lengua (ABL) y Acad\u00e9mico Correspondiente de la Real Academia Espa\u00f1ola (RAE) en Bolivia. Nac\u00ed en Tupiza el 24 de diciembre de 1945, pero radiqu\u00e9 la mayor parte de mi vida en La Paz, Buenos Aires, Ciudad de M\u00e9xico y Madrid. Egres\u00e9 &hellip; <a href=\"https:\/\/desdeeltejado.com\/index.php\/sobre-mi\/\" class=\"more-link\">Continuar leyendo <span class=\"screen-reader-text\">Sobre m\u00ed<\/span><\/a><\/p>\n","protected":false},"author":3,"featured_media":0,"parent":0,"menu_order":0,"comment_status":"closed","ping_status":"closed","template":"","meta":{"footnotes":""},"class_list":["post-27","page","type-page","status-publish","hentry"],"jetpack_sharing_enabled":true,"_links":{"self":[{"href":"https:\/\/desdeeltejado.com\/index.php\/wp-json\/wp\/v2\/pages\/27","targetHints":{"allow":["GET"]}}],"collection":[{"href":"https:\/\/desdeeltejado.com\/index.php\/wp-json\/wp\/v2\/pages"}],"about":[{"href":"https:\/\/desdeeltejado.com\/index.php\/wp-json\/wp\/v2\/types\/page"}],"author":[{"embeddable":true,"href":"https:\/\/desdeeltejado.com\/index.php\/wp-json\/wp\/v2\/users\/3"}],"replies":[{"embeddable":true,"href":"https:\/\/desdeeltejado.com\/index.php\/wp-json\/wp\/v2\/comments?post=27"}],"version-history":[{"count":16,"href":"https:\/\/desdeeltejado.com\/index.php\/wp-json\/wp\/v2\/pages\/27\/revisions"}],"predecessor-version":[{"id":1398,"href":"https:\/\/desdeeltejado.com\/index.php\/wp-json\/wp\/v2\/pages\/27\/revisions\/1398"}],"wp:attachment":[{"href":"https:\/\/desdeeltejado.com\/index.php\/wp-json\/wp\/v2\/media?parent=27"}],"curies":[{"name":"wp","href":"https:\/\/api.w.org\/{rel}","templated":true}]}}